{"id":188,"date":"2023-12-21T15:50:49","date_gmt":"2023-12-21T15:50:49","guid":{"rendered":"https:\/\/audio-logica.com\/?page_id=188"},"modified":"2024-01-19T13:24:59","modified_gmt":"2024-01-19T13:24:59","slug":"nuestra-clinica-audiologica","status":"publish","type":"page","link":"https:\/\/audio-logica.com\/en\/nuestra-clinica-audiologica\/","title":{"rendered":"Nuestra cl\u00ednica"},"content":{"rendered":"[et_pb_section fb_built=\u00bb1&#8243; _builder_version=\u00bb4.17.4&#8243; _module_preset=\u00bbdefault\u00bb background_image=\u00bbhttps:\/\/audio-logica.com\/wp-content\/uploads\/2022\/06\/AUDIOLOGICA-BACK4.jpg\u00bb custom_padding=\u00bb0px||18px||false|false\u00bb global_colors_info=\u00bb{}\u00bb][et_pb_row column_structure=\u00bb2_3,1_3&#8243; use_custom_gutter=\u00bbon\u00bb gutter_width=\u00bb2&#8243; make_equal=\u00bbon\u00bb _builder_version=\u00bb4.16&#8243; _module_preset=\u00bbdefault\u00bb width=\u00bb90%\u00bb width_tablet=\u00bb90%\u00bb width_phone=\u00bb90%\u00bb width_last_edited=\u00bbon|tablet\u00bb max_width=\u00bb1170px\u00bb max_width_tablet=\u00bb90%\u00bb max_width_phone=\u00bb90%\u00bb max_width_last_edited=\u00bbon|desktop\u00bb custom_padding=\u00bb65px||65px||true|false\u00bb animation_style=\u00bbslide\u00bb animation_direction=\u00bbleft\u00bb global_colors_info=\u00bb{}\u00bb][et_pb_column type=\u00bb2_3&#8243; _builder_version=\u00bb4.16&#8243; _module_preset=\u00bbdefault\u00bb global_colors_info=\u00bb{}\u00bb][et_pb_text _builder_version=\u00bb4.17.4&#8243; _module_preset=\u00bbdefault\u00bb header_font=\u00bbFira Sans||||||||\u00bb header_text_color=\u00bb#2f3a87&#8243; header_font_size=\u00bb55px\u00bb header_line_height=\u00bb1.1em\u00bb custom_margin_tablet=\u00bb-20px||||false|false\u00bb custom_margin_phone=\u00bb-20px|||0px|false|false\u00bb custom_margin_last_edited=\u00bbon|phone\u00bb header_font_size_tablet=\u00bb60px\u00bb header_font_size_phone=\u00bb45px\u00bb header_font_size_last_edited=\u00bbon|phone\u00bb global_colors_info=\u00bb{}\u00bb]<h1>Ven a conocer nuestro Centro Audiol\u00f3gico en Almer\u00eda<\/h1>[\/et_pb_text][et_pb_text _builder_version=\u00bb4.17.4&#8243; _module_preset=\u00bbdefault\u00bb text_font=\u00bbMontserrat||||||||\u00bb text_text_color=\u00bb#21cdc0&#8243; text_font_size=\u00bb17px\u00bb text_line_height=\u00bb1.6em\u00bb header_3_text_color=\u00bb#21cdc0&#8243; header_3_font_size=\u00bb29px\u00bb header_3_line_height=\u00bb1.2em\u00bb module_alignment=\u00bbleft\u00bb custom_margin=\u00bb-8px||||false|false\u00bb custom_margin_tablet=\u00bb-18px||||false|false\u00bb custom_margin_phone=\u00bb-18px||||false|false\u00bb custom_margin_last_edited=\u00bbon|phone\u00bb header_3_font_size_tablet=\u00bb29px\u00bb header_3_font_size_phone=\u00bb20px\u00bb header_3_font_size_last_edited=\u00bbon|phone\u00bb global_colors_info=\u00bb{}\u00bb]<h3>Solicita tu revisi\u00f3n audiol\u00f3gica gratuita y accede a soluciones innovadoras que transformar\u00e1n tu percepci\u00f3n auditiva.<\/h3>[\/et_pb_text][\/et_pb_column][et_pb_column type=\u00bb1_3&#8243; _builder_version=\u00bb4.16&#8243; _module_preset=\u00bbdefault\u00bb global_colors_info=\u00bb{}\u00bb][\/et_pb_column][\/et_pb_row][\/et_pb_section][et_pb_section fb_built=\u00bb1&#8243; _builder_version=\u00bb4.17.4&#8243; _module_preset=\u00bbdefault\u00bb background_enable_image=\u00bboff\u00bb background_size=\u00bbinitial\u00bb custom_padding=\u00bb75px||120px||false|false\u00bb global_colors_info=\u00bb{}\u00bb][et_pb_row column_structure=\u00bb1_2,1_2&#8243; use_custom_gutter=\u00bbon\u00bb gutter_width=\u00bb2&#8243; make_equal=\u00bbon\u00bb _builder_version=\u00bb4.17.4&#8243; _module_preset=\u00bbdefault\u00bb width=\u00bb90%\u00bb width_tablet=\u00bb90%\u00bb width_phone=\u00bb90%\u00bb width_last_edited=\u00bbon|tablet\u00bb max_width=\u00bb1170px\u00bb max_width_tablet=\u00bb90%\u00bb max_width_phone=\u00bb90%\u00bb max_width_last_edited=\u00bbon|desktop\u00bb custom_padding=\u00bb0px||0px||true|\u00bb global_colors_info=\u00bb{}\u00bb][et_pb_column type=\u00bb1_2&#8243; _builder_version=\u00bb4.17.4&#8243; _module_preset=\u00bbdefault\u00bb background_enable_color=\u00bboff\u00bb custom_padding=\u00bb35px|40px|32px|40px|false|true\u00bb animation_style=\u00bbfold\u00bb animation_direction=\u00bbleft\u00bb animation_delay=\u00bb500ms\u00bb link_option_url=\u00bb#\u00bb border_radii=\u00bbon|10px|10px|10px|10px\u00bb box_shadow_style=\u00bbpreset1&#8243; box_shadow_vertical=\u00bb5px\u00bb box_shadow_blur=\u00bb82px\u00bb box_shadow_color=\u00bbrgba(14,32,77,0.08)\u00bb global_colors_info=\u00bb{}\u00bb box_shadow_color__hover_enabled=\u00bbon|hover\u00bb box_shadow_color__hover=\u00bbrgba(183,183,183,0.55)\u00bb][et_pb_image src=\u00bbhttps:\/\/audio-logica.com\/wp-content\/uploads\/2023\/12\/Audio1.jpg\u00bb alt=\u00bbAudio1&#8243; title_text=\u00bbAudio1&#8243; _builder_version=\u00bb4.17.4&#8243; _module_preset=\u00bbdefault\u00bb border_radii=\u00bbon|15px|15px|15px|15px\u00bb global_colors_info=\u00bb{}\u00bb][\/et_pb_image][et_pb_text _builder_version=\u00bb4.17.4&#8243; _module_preset=\u00bbdefault\u00bb header_font=\u00bbFira Sans||||||||\u00bb header_3_font=\u00bbFira Sans||||||||\u00bb header_3_text_align=\u00bbleft\u00bb header_3_text_color=\u00bb#2f3a87&#8243; header_3_font_size=\u00bb40px\u00bb header_3_line_height=\u00bb1.4em\u00bb module_alignment=\u00bbleft\u00bb custom_padding_tablet=\u00bb20px|||90px|false|false\u00bb custom_padding_phone=\u00bb|||20px|false|false\u00bb custom_padding_last_edited=\u00bboff|desktop\u00bb header_3_font_size_tablet=\u00bb\u00bb header_3_font_size_phone=\u00bb30px\u00bb header_3_font_size_last_edited=\u00bbon|phone\u00bb header_3_line_height_tablet=\u00bb\u00bb header_3_line_height_phone=\u00bb1.3em\u00bb header_3_line_height_last_edited=\u00bbon|phone\u00bb global_colors_info=\u00bb{}\u00bb header_3_letter_spacing__hover_enabled=\u00bboff|desktop\u00bb]<h3>Especialistas en Audiolog\u00eda Prot\u00e9sica<\/h3>[\/et_pb_text][et_pb_text _builder_version=\u00bb4.17.4&#8243; _module_preset=\u00bbdefault\u00bb text_font=\u00bbMontserrat||||||||\u00bb text_text_color=\u00bb#2f3a87&#8243; text_font_size=\u00bb18px\u00bb text_line_height=\u00bb1.3em\u00bb header_line_height=\u00bb0.6em\u00bb custom_margin_tablet=\u00bb||30px||false|false\u00bb custom_margin_phone=\u00bb|20px||20px|false|false\u00bb custom_margin_last_edited=\u00bboff|desktop\u00bb hover_enabled=\u00bb0&#8243; global_colors_info=\u00bb{}\u00bb sticky_enabled=\u00bb0&#8243;]<p><span style=\"font-weight: 400;\">En nuestro <\/span><b>Centro Audiol\u00f3gico en Almer\u00eda<\/b><span style=\"font-weight: 400;\"> sabemos c\u00f3mo afecta la <\/span><b>p\u00e9rdida de audici\u00f3n<\/b><span style=\"font-weight: 400;\"> a tu calidad de vida y lo importante que es para tu bienestar encontrar una soluci\u00f3n efectiva que te ayude a mejorar tu comunicaci\u00f3n y a evitar el aislamiento. Por eso, te proporcionamos un servicio de asistencia completa, hecho a tu medida, y adaptado en exclusividad a satisfacer tus necesidades particulares.\u00a0\u00a0<\/span><\/p>\n<p><span style=\"font-weight: 400;\">Nuestro cuerpo profesional est\u00e1 formado por un equipo humano y t\u00e9cnico de primer nivel, especializado en distintos campos de estudio, desde la <\/span><b>Audiolog\u00eda Geri\u00e1trica<\/b><span style=\"font-weight: 400;\"> a la <\/span><b>Audiolog\u00eda infantil<\/b><span style=\"font-weight: 400;\">. Ellos se encargar\u00e1n de <\/span><b>medir tu umbral de audici\u00f3n<\/b><span style=\"font-weight: 400;\"> y de asesorarte sobre la soluci\u00f3n m\u00e1s adecuada para ti.<\/span><\/p>\n<p><span style=\"font-weight: 400;\">En nuestras instalaciones contamos con todos los avances e innovaciones que puede ofrecer hoy en d\u00eda <\/span><b>el mejor<\/b> <b>Centro de<\/b> <b>Audiolog\u00eda Prot\u00e9sica<\/b><span style=\"font-weight: 400;\"> para resolver todo tipo de casos. Adem\u00e1s, disponemos de una <\/span><b>sala de ambientes, equipada con las \u00faltimas tecnolog\u00edas y acondicionada ac\u00fasticamente<\/b><span style=\"font-weight: 400;\">, para experimentar diferentes situaciones sonoras y comprobar, mediante estudios y <\/span><b>pruebas auditivas<\/b><span style=\"font-weight: 400;\">, c\u00f3mo tu <\/span><i><span style=\"font-weight: 400;\">aud\u00edfono<\/span><\/i><span style=\"font-weight: 400;\"> se adapta a cada una de ellas.\u00a0\u00a0<\/span><\/p>\n<p><span style=\"font-weight: 400;\">La calidad es un fin indispensable para nuestro <\/span><b>Centro Audiol\u00f3gico en Almer\u00eda<\/b><span style=\"font-weight: 400;\">, por esa raz\u00f3n trabajamos con los <\/span><b>mejores distribuidores de aud\u00edfonos<\/b><span style=\"font-weight: 400;\">. Contamos con una <\/span><b>amplia gama de audiopr\u00f3tesis<\/b><span style=\"font-weight: 400;\"> de diferentes tipos, tama\u00f1os y prestaciones, para brindarte alternativas que satisfagan tus requerimientos auditivos y tus preferencias personales.\u00a0<\/span><\/p>\n<p><span style=\"font-weight: 400;\">No esperes m\u00e1s y pide tu cita con nosotros. Llevaremos a cabo tu <\/span><b>revisi\u00f3n auditiva gratuita <\/b><span style=\"font-weight: 400;\">y te asesoraremos personalmente sobre la soluci\u00f3n que mejor se adapte a tu salud y presupuesto. Ven a visitarnos y descubre todo lo que podemos hacer para <\/span><b>mejorar tu audici\u00f3n<\/b><span style=\"font-weight: 400;\">. <\/span><\/p>[\/et_pb_text][\/et_pb_column][et_pb_column type=\u00bb1_2&#8243; _builder_version=\u00bb4.16&#8243; _module_preset=\u00bbdefault\u00bb background_color=\u00bb#FFFFFF\u00bb custom_padding=\u00bb35px|40px|32px|40px|false|true\u00bb animation_style=\u00bbfold\u00bb animation_direction=\u00bbleft\u00bb animation_delay=\u00bb750ms\u00bb link_option_url=\u00bb#\u00bb border_radii=\u00bbon|10px|10px|10px|10px\u00bb box_shadow_style=\u00bbpreset1&#8243; box_shadow_vertical=\u00bb5px\u00bb box_shadow_blur=\u00bb82px\u00bb box_shadow_color=\u00bbrgba(14,32,77,0.08)\u00bb global_colors_info=\u00bb{}\u00bb box_shadow_color__hover_enabled=\u00bbon|hover\u00bb box_shadow_color__hover=\u00bbrgba(183,183,183,0.55)\u00bb][et_pb_image src=\u00bbhttps:\/\/audio-logica.com\/wp-content\/uploads\/2023\/12\/Audio2.jpg\u00bb alt=\u00bbAudio1&#8243; title_text=\u00bbAudio2&#8243; _builder_version=\u00bb4.17.4&#8243; _module_preset=\u00bbdefault\u00bb border_radii=\u00bbon|15px|15px|15px|15px\u00bb global_colors_info=\u00bb{}\u00bb][\/et_pb_image][et_pb_text _builder_version=\u00bb4.17.4&#8243; _module_preset=\u00bbdefault\u00bb header_font=\u00bbFira Sans||||||||\u00bb header_3_font=\u00bbFira Sans||||||||\u00bb header_3_text_align=\u00bbleft\u00bb header_3_text_color=\u00bb#2f3a87&#8243; header_3_font_size=\u00bb40px\u00bb header_3_line_height=\u00bb1.4em\u00bb max_width=\u00bb544px\u00bb module_alignment=\u00bbleft\u00bb header_3_font_size_tablet=\u00bb\u00bb header_3_font_size_phone=\u00bb30px\u00bb header_3_font_size_last_edited=\u00bbon|phone\u00bb header_3_line_height_tablet=\u00bb\u00bb header_3_line_height_phone=\u00bb1.3em\u00bb header_3_line_height_last_edited=\u00bbon|phone\u00bb global_colors_info=\u00bb{}\u00bb header_3_letter_spacing__hover_enabled=\u00bboff|desktop\u00bb]<h3>Audi\u00f3logo experto en Pr\u00f3tesis Auditivas<\/h3>[\/et_pb_text][et_pb_text _builder_version=\u00bb4.17.4&#8243; _module_preset=\u00bbdefault\u00bb text_font=\u00bbMontserrat||||||||\u00bb text_text_color=\u00bb#2f3a87&#8243; text_font_size=\u00bb18px\u00bb text_line_height=\u00bb1.3em\u00bb header_line_height=\u00bb0.6em\u00bb custom_margin_tablet=\u00bb||30px||false|false\u00bb custom_margin_phone=\u00bb|20px||20px|false|false\u00bb custom_margin_last_edited=\u00bboff|desktop\u00bb hover_enabled=\u00bb0&#8243; global_colors_info=\u00bb{}\u00bb sticky_enabled=\u00bb0&#8243;]<p><span style=\"font-weight: 400;\">Audiol\u00f3gica es un centro especializado en el cuidado de la <\/span><i><span style=\"font-weight: 400;\">salud auditiva<\/span><\/i><span style=\"font-weight: 400;\"> que cuenta con el respaldo y la direcci\u00f3n de Pedro Parra, un reconocido <\/span><b>Audi\u00f3logo Prot\u00e9sico <\/b><span style=\"font-weight: 400;\">con m\u00e1s de 20 a\u00f1os de experiencia en el sector.<\/span><\/p>\n<p><span style=\"font-weight: 400;\">Pedro Parra es un profesional comprometido que se preocupa por la prevenci\u00f3n, el diagn\u00f3stico, el tratamiento y la rehabilitaci\u00f3n de las personas que sufren <\/span><i><span style=\"font-weight: 400;\">p\u00e9rdida auditiva<\/span><\/i><span style=\"font-weight: 400;\">.<\/span><\/p>\n<p><span style=\"font-weight: 400;\">Posee la titulaci\u00f3n de <\/span><i><span style=\"font-weight: 400;\">T\u00e9cnico Superior en Audiopr\u00f3tesis<\/span><\/i><span style=\"font-weight: 400;\"> y se ha formado continuamente en todas las \u00e1reas de su profesi\u00f3n, asistiendo a congresos nacionales e internacionales y actualizando sus conocimientos sobre las \u00faltimas tecnolog\u00edas y avances en el <\/span><i><span style=\"font-weight: 400;\">campo de la Audiolog\u00eda<\/span><\/i><span style=\"font-weight: 400;\">.<\/span><\/p>\n<p><span style=\"font-weight: 400;\">Su vocaci\u00f3n de servicio al paciente le llev\u00f3 a crear un <\/span><b>Centro Audiol\u00f3gico en Almer\u00eda<\/b><span style=\"font-weight: 400;\">, donde ofrece atenci\u00f3n individualizada y de calidad a cada persona que acude a su consulta. Su objetivo es mejorar la audici\u00f3n y la percepci\u00f3n vital de sus pacientes, adaptando <\/span><b>aud\u00edfonos de las mejores marcas<\/b><span style=\"font-weight: 400;\"> y realizando un seguimiento pormenorizado de cada caso.\u00a0<\/span><\/p>\n<p><span style=\"font-weight: 400;\">En <\/span><b>Audiolog\u00eda, tu centro auditivo de referencia<\/b><span style=\"font-weight: 400;\">, queremos que logres <\/span><i><span style=\"font-weight: 400;\">recuperar tu audici\u00f3n <\/span><\/i><span style=\"font-weight: 400;\">y que disfrutes de los sonidos que te rodean para que tu experiencia vital sea completa. No lo dudes m\u00e1s y agenda tu visita en nuestro gabinete. Te atenderemos con la m\u00e1xima profesionalidad y cercan\u00eda, para ayudarte a recuperar tu <\/span><b>capacidad auditiva<\/b><span style=\"font-weight: 400;\">.<\/span><\/p>[\/et_pb_text][\/et_pb_column][\/et_pb_row][\/et_pb_section][et_pb_section fb_built=\u00bb1&#8243; _builder_version=\u00bb4.17.4&#8243; _module_preset=\u00bbdefault\u00bb background_color=\u00bb#cde7e4&#8243; background_enable_image=\u00bboff\u00bb custom_padding=\u00bb120px||120px||true|\u00bb global_colors_info=\u00bb{}\u00bb][et_pb_row column_structure=\u00bb2_5,3_5&#8243; use_custom_gutter=\u00bbon\u00bb gutter_width=\u00bb2&#8243; make_equal=\u00bbon\u00bb _builder_version=\u00bb4.17.4&#8243; _module_preset=\u00bbdefault\u00bb width=\u00bb90%\u00bb width_tablet=\u00bb90%\u00bb width_phone=\u00bb90%\u00bb width_last_edited=\u00bbon|tablet\u00bb max_width=\u00bb1170px\u00bb max_width_tablet=\u00bb90%\u00bb max_width_phone=\u00bb90%\u00bb max_width_last_edited=\u00bbon|desktop\u00bb custom_padding=\u00bb0px||5px||false|false\u00bb global_colors_info=\u00bb{}\u00bb][et_pb_column type=\u00bb2_5&#8243; _builder_version=\u00bb4.16&#8243; _module_preset=\u00bbdefault\u00bb global_colors_info=\u00bb{}\u00bb][et_pb_image src=\u00bbhttps:\/\/audio-logica.com\/wp-content\/uploads\/2022\/10\/audio01.jpg\u00bb title_text=\u00bbaudio01&#8243; align=\u00bbcenter\u00bb _builder_version=\u00bb4.17.4&#8243; _module_preset=\u00bbdefault\u00bb border_radii=\u00bbon|15px|15px|15px|15px\u00bb global_colors_info=\u00bb{}\u00bb][\/et_pb_image][\/et_pb_column][et_pb_column type=\u00bb3_5&#8243; _builder_version=\u00bb4.16&#8243; _module_preset=\u00bbdefault\u00bb global_colors_info=\u00bb{}\u00bb][et_pb_text _builder_version=\u00bb4.17.4&#8243; _module_preset=\u00bbdefault\u00bb header_3_font=\u00bbQuicksand|700|||||||\u00bb header_3_text_align=\u00bbleft\u00bb header_3_text_color=\u00bb#23388b\u00bb header_3_font_size=\u00bb40px\u00bb header_3_line_height=\u00bb1.4em\u00bb max_width=\u00bb544px\u00bb module_alignment=\u00bbleft\u00bb custom_margin=\u00bb-5px||||false|false\u00bb custom_margin_tablet=\u00bb-15px||||false|false\u00bb custom_margin_phone=\u00bb-15px||||false|false\u00bb custom_margin_last_edited=\u00bbon|phone\u00bb header_3_font_size_tablet=\u00bb\u00bb header_3_font_size_phone=\u00bb28px\u00bb header_3_font_size_last_edited=\u00bbon|phone\u00bb header_3_line_height_tablet=\u00bb\u00bb header_3_line_height_phone=\u00bb1.3em\u00bb header_3_line_height_last_edited=\u00bbon|phone\u00bb global_colors_info=\u00bb{}\u00bb header_3_letter_spacing__hover_enabled=\u00bboff|desktop\u00bb]<h3>\u00bfQuieres cuidar la salud de tu o\u00eddo de forma integral?<\/h3>[\/et_pb_text][et_pb_text _builder_version=\u00bb4.17.4&#8243; _module_preset=\u00bbdefault\u00bb text_font=\u00bbMontserrat||||||||\u00bb text_text_color=\u00bb#21cdc0&#8243; text_font_size=\u00bb17px\u00bb text_line_height=\u00bb1.6em\u00bb header_3_text_color=\u00bb#21cdc0&#8243; header_3_font_size=\u00bb29px\u00bb header_3_line_height=\u00bb1.2em\u00bb module_alignment=\u00bbleft\u00bb custom_margin=\u00bb-8px||||false|false\u00bb custom_margin_tablet=\u00bb-18px||||false|false\u00bb custom_margin_phone=\u00bb-18px||||false|false\u00bb custom_margin_last_edited=\u00bbon|phone\u00bb header_3_font_size_tablet=\u00bb29px\u00bb header_3_font_size_phone=\u00bb20px\u00bb header_3_font_size_last_edited=\u00bbon|phone\u00bb locked=\u00bboff\u00bb global_colors_info=\u00bb{}\u00bb]<h3>Conoce nuestro plan de seguimiento individual y disfruta de una audici\u00f3n \u00f3ptima.<\/h3>[\/et_pb_text][\/et_pb_column][\/et_pb_row][\/et_pb_section][et_pb_section fb_built=\u00bb1&#8243; module_id=\u00bbcontacto\u00bb _builder_version=\u00bb4.17.4&#8243; _module_preset=\u00bbdefault\u00bb background_image=\u00bbhttps:\/\/audio-logica.com\/wp-content\/uploads\/2022\/06\/AUDIO-LOGICA-BACK5.jpg\u00bb custom_padding=\u00bb120px||120px||true|false\u00bb global_module=\u00bb159&#8243; saved_tabs=\u00bball\u00bb global_colors_info=\u00bb{}\u00bb][et_pb_row column_structure=\u00bb1_2,1_2&#8243; use_custom_gutter=\u00bbon\u00bb gutter_width=\u00bb2&#8243; make_equal=\u00bbon\u00bb _builder_version=\u00bb4.17.4&#8243; _module_preset=\u00bbdefault\u00bb width=\u00bb90%\u00bb width_tablet=\u00bb90%\u00bb width_phone=\u00bb90%\u00bb width_last_edited=\u00bbon|tablet\u00bb max_width=\u00bb1170px\u00bb max_width_tablet=\u00bb90%\u00bb max_width_phone=\u00bb90%\u00bb max_width_last_edited=\u00bbon|desktop\u00bb custom_padding=\u00bb0px||0px||true|false\u00bb global_colors_info=\u00bb{}\u00bb][et_pb_column type=\u00bb1_2&#8243; _builder_version=\u00bb4.16&#8243; _module_preset=\u00bbdefault\u00bb background_color=\u00bb#FFFFFF\u00bb custom_padding=\u00bb60px|50px|60px|50px|true|true\u00bb custom_padding_tablet=\u00bb\u00bb custom_padding_phone=\u00bb45px|30px|45px|30px|true|true\u00bb custom_padding_last_edited=\u00bbon|phone\u00bb animation_style=\u00bbzoom\u00bb animation_delay=\u00bb500ms\u00bb border_radii=\u00bbon|20px|20px|20px|20px\u00bb global_colors_info=\u00bb{}\u00bb][et_pb_image src=\u00bbhttps:\/\/audio-logica.com\/wp-content\/uploads\/2022\/06\/AUDIOLOGICA-ALMERIA.jpg\u00bb title_text=\u00bbAUDIOLOGICA-ALMERIA\u00bb admin_label=\u00bbform\u00bb module_id=\u00bbform\u00bb _builder_version=\u00bb4.17.4&#8243; _module_preset=\u00bbdefault\u00bb global_colors_info=\u00bb{}\u00bb][\/et_pb_image][et_pb_text _builder_version=\u00bb4.17.4&#8243; _module_preset=\u00bbdefault\u00bb text_font=\u00bbRoboto Condensed||||||||\u00bb text_text_color=\u00bb#848e9f\u00bb text_font_size=\u00bb15px\u00bb text_line_height=\u00bb1.8em\u00bb custom_margin=\u00bb-5px||||false|false\u00bb custom_margin_tablet=\u00bb-15px||||false|false\u00bb custom_margin_phone=\u00bb-15px||||false|false\u00bb custom_margin_last_edited=\u00bbon|phone\u00bb custom_padding=\u00bb||||false|false\u00bb global_colors_info=\u00bb{}\u00bb]<p>Solicita una cita para realizar una revisi\u00f3n audiol\u00f3gica gratuita.\u00a0<\/p>[\/et_pb_text][et_pb_contact_form captcha=\u00bboff\u00bb email=\u00bbpedroparra@audio-logica.com\u00bb success_message=\u00bbGracias por contactar con nosotros\u00bb submit_button_text=\u00bbEnviar\u00bb _builder_version=\u00bb4.17.4&#8243; _module_preset=\u00bbdefault\u00bb form_field_background_color=\u00bbRGBA(0,0,0,0)\u00bb form_field_text_color=\u00bb#0e204d\u00bb form_field_focus_background_color=\u00bbRGBA(0,0,0,0)\u00bb form_field_focus_text_color=\u00bb#0e204d\u00bb form_field_custom_padding=\u00bb12px|18px|12px|18px|true|true\u00bb form_field_font=\u00bbRoboto Condensed||||||||\u00bb form_field_font_size=\u00bb15px\u00bb form_field_line_height=\u00bb1.8em\u00bb custom_button=\u00bbon\u00bb button_text_size=\u00bb15px\u00bb button_text_color=\u00bb#FFFFFF\u00bb button_bg_color=\u00bb#cf5f4f\u00bb button_border_width=\u00bb0px\u00bb button_border_color=\u00bb#0e204d\u00bb button_border_radius=\u00bb100px\u00bb button_font=\u00bbMontserrat||||||||\u00bb button_icon=\u00bb&#x24;||divi||400&#8243; button_on_hover=\u00bboff\u00bb button_custom_margin=\u00bb12px||||false|false\u00bb button_custom_padding=\u00bb17px|50px|17px|40px|true|false\u00bb custom_margin=\u00bb30px||||false|false\u00bb border_radii=\u00bbon|15px|15px|15px|15px\u00bb border_width_all=\u00bb2px\u00bb border_color_all=\u00bb#e6e8eb\u00bb global_colors_info=\u00bb{}\u00bb button_text_color__hover_enabled=\u00bbon|hover\u00bb button_text_color__hover=\u00bb#FFFFFF\u00bb button_bg_color__hover_enabled=\u00bbon|hover\u00bb button_bg_color__hover=\u00bb#21cdc0&#8243; button_bg_enable_color__hover=\u00bbon\u00bb button_border_color__hover_enabled=\u00bbon|desktop\u00bb button_border_color__hover=\u00bb#21cdc0&#8243; button_letter_spacing__hover_enabled=\u00bbon|hover\u00bb button_letter_spacing__hover=\u00bb0px\u00bb][et_pb_contact_field field_id=\u00bbName_2&#8243; field_title=\u00bbNombre\u00bb _builder_version=\u00bb4.17.4&#8243; global_colors_info=\u00bb{}\u00bb button_text_size__hover_enabled=\u00bboff\u00bb button_one_text_size__hover_enabled=\u00bboff\u00bb button_two_text_size__hover_enabled=\u00bboff\u00bb button_text_color__hover_enabled=\u00bboff\u00bb button_one_text_color__hover_enabled=\u00bboff\u00bb button_two_text_color__hover_enabled=\u00bboff\u00bb button_border_width__hover_enabled=\u00bboff\u00bb button_one_border_width__hover_enabled=\u00bboff\u00bb button_two_border_width__hover_enabled=\u00bboff\u00bb button_border_color__hover_enabled=\u00bboff\u00bb button_one_border_color__hover_enabled=\u00bboff\u00bb button_two_border_color__hover_enabled=\u00bboff\u00bb button_border_radius__hover_enabled=\u00bboff\u00bb button_one_border_radius__hover_enabled=\u00bboff\u00bb button_two_border_radius__hover_enabled=\u00bboff\u00bb button_letter_spacing__hover_enabled=\u00bboff\u00bb button_one_letter_spacing__hover_enabled=\u00bboff\u00bb button_two_letter_spacing__hover_enabled=\u00bboff\u00bb button_bg_color__hover_enabled=\u00bboff\u00bb button_one_bg_color__hover_enabled=\u00bboff\u00bb button_two_bg_color__hover_enabled=\u00bboff\u00bb][\/et_pb_contact_field][et_pb_contact_field field_id=\u00bbYour_Surname\u00bb field_title=\u00bbApellidos\u00bb _builder_version=\u00bb4.17.4&#8243; global_colors_info=\u00bb{}\u00bb button_text_size__hover_enabled=\u00bboff\u00bb button_one_text_size__hover_enabled=\u00bboff\u00bb button_two_text_size__hover_enabled=\u00bboff\u00bb button_text_color__hover_enabled=\u00bboff\u00bb button_one_text_color__hover_enabled=\u00bboff\u00bb button_two_text_color__hover_enabled=\u00bboff\u00bb button_border_width__hover_enabled=\u00bboff\u00bb button_one_border_width__hover_enabled=\u00bboff\u00bb button_two_border_width__hover_enabled=\u00bboff\u00bb button_border_color__hover_enabled=\u00bboff\u00bb button_one_border_color__hover_enabled=\u00bboff\u00bb button_two_border_color__hover_enabled=\u00bboff\u00bb button_border_radius__hover_enabled=\u00bboff\u00bb button_one_border_radius__hover_enabled=\u00bboff\u00bb button_two_border_radius__hover_enabled=\u00bboff\u00bb button_letter_spacing__hover_enabled=\u00bboff\u00bb button_one_letter_spacing__hover_enabled=\u00bboff\u00bb button_two_letter_spacing__hover_enabled=\u00bboff\u00bb button_bg_color__hover_enabled=\u00bboff\u00bb button_one_bg_color__hover_enabled=\u00bboff\u00bb button_two_bg_color__hover_enabled=\u00bboff\u00bb][\/et_pb_contact_field][et_pb_contact_field field_id=\u00bbPhone_Number\u00bb field_title=\u00bbTel\u00e9fono\u00bb _builder_version=\u00bb4.17.4&#8243; global_colors_info=\u00bb{}\u00bb button_text_size__hover_enabled=\u00bboff\u00bb button_one_text_size__hover_enabled=\u00bboff\u00bb button_two_text_size__hover_enabled=\u00bboff\u00bb button_text_color__hover_enabled=\u00bboff\u00bb button_one_text_color__hover_enabled=\u00bboff\u00bb button_two_text_color__hover_enabled=\u00bboff\u00bb button_border_width__hover_enabled=\u00bboff\u00bb button_one_border_width__hover_enabled=\u00bboff\u00bb button_two_border_width__hover_enabled=\u00bboff\u00bb button_border_color__hover_enabled=\u00bboff\u00bb button_one_border_color__hover_enabled=\u00bboff\u00bb button_two_border_color__hover_enabled=\u00bboff\u00bb button_border_radius__hover_enabled=\u00bboff\u00bb button_one_border_radius__hover_enabled=\u00bboff\u00bb button_two_border_radius__hover_enabled=\u00bboff\u00bb button_letter_spacing__hover_enabled=\u00bboff\u00bb button_one_letter_spacing__hover_enabled=\u00bboff\u00bb button_two_letter_spacing__hover_enabled=\u00bboff\u00bb button_bg_color__hover_enabled=\u00bboff\u00bb button_one_bg_color__hover_enabled=\u00bboff\u00bb button_two_bg_color__hover_enabled=\u00bboff\u00bb][\/et_pb_contact_field][et_pb_contact_field field_id=\u00bbEmail\u00bb field_title=\u00bbEmail\u00bb field_type=\u00bbemail\u00bb _builder_version=\u00bb4.17.4&#8243; global_colors_info=\u00bb{}\u00bb button_text_size__hover_enabled=\u00bboff\u00bb button_one_text_size__hover_enabled=\u00bboff\u00bb button_two_text_size__hover_enabled=\u00bboff\u00bb button_text_color__hover_enabled=\u00bboff\u00bb button_one_text_color__hover_enabled=\u00bboff\u00bb button_two_text_color__hover_enabled=\u00bboff\u00bb button_border_width__hover_enabled=\u00bboff\u00bb button_one_border_width__hover_enabled=\u00bboff\u00bb button_two_border_width__hover_enabled=\u00bboff\u00bb button_border_color__hover_enabled=\u00bboff\u00bb button_one_border_color__hover_enabled=\u00bboff\u00bb button_two_border_color__hover_enabled=\u00bboff\u00bb button_border_radius__hover_enabled=\u00bboff\u00bb button_one_border_radius__hover_enabled=\u00bboff\u00bb button_two_border_radius__hover_enabled=\u00bboff\u00bb button_letter_spacing__hover_enabled=\u00bboff\u00bb button_one_letter_spacing__hover_enabled=\u00bboff\u00bb button_two_letter_spacing__hover_enabled=\u00bboff\u00bb button_bg_color__hover_enabled=\u00bboff\u00bb button_one_bg_color__hover_enabled=\u00bboff\u00bb button_two_bg_color__hover_enabled=\u00bboff\u00bb][\/et_pb_contact_field][et_pb_contact_field field_id=\u00bbMessage\u00bb field_title=\u00bbMensaje. Nos pondremos en contacto contigo lo antes posible.\u00bb field_type=\u00bbtext\u00bb fullwidth_field=\u00bbon\u00bb _builder_version=\u00bb4.17.4&#8243; global_colors_info=\u00bb{}\u00bb button_text_size__hover_enabled=\u00bboff\u00bb button_one_text_size__hover_enabled=\u00bboff\u00bb button_two_text_size__hover_enabled=\u00bboff\u00bb button_text_color__hover_enabled=\u00bboff\u00bb button_one_text_color__hover_enabled=\u00bboff\u00bb button_two_text_color__hover_enabled=\u00bboff\u00bb button_border_width__hover_enabled=\u00bboff\u00bb button_one_border_width__hover_enabled=\u00bboff\u00bb button_two_border_width__hover_enabled=\u00bboff\u00bb button_border_color__hover_enabled=\u00bboff\u00bb button_one_border_color__hover_enabled=\u00bboff\u00bb button_two_border_color__hover_enabled=\u00bboff\u00bb button_border_radius__hover_enabled=\u00bboff\u00bb button_one_border_radius__hover_enabled=\u00bboff\u00bb button_two_border_radius__hover_enabled=\u00bboff\u00bb button_letter_spacing__hover_enabled=\u00bboff\u00bb button_one_letter_spacing__hover_enabled=\u00bboff\u00bb button_two_letter_spacing__hover_enabled=\u00bboff\u00bb button_bg_color__hover_enabled=\u00bboff\u00bb button_one_bg_color__hover_enabled=\u00bboff\u00bb button_two_bg_color__hover_enabled=\u00bboff\u00bb][\/et_pb_contact_field][\/et_pb_contact_form][\/et_pb_column][et_pb_column type=\u00bb1_2&#8243; _builder_version=\u00bb4.16&#8243; _module_preset=\u00bbdefault\u00bb custom_padding=\u00bb|||60px|false|false\u00bb custom_padding_tablet=\u00bb40px|||0px|false|false\u00bb custom_padding_phone=\u00bb40px|||0px|false|false\u00bb custom_padding_last_edited=\u00bbon|phone\u00bb animation_style=\u00bbslide\u00bb animation_direction=\u00bbright\u00bb animation_delay=\u00bb750ms\u00bb global_colors_info=\u00bb{}\u00bb][et_pb_text _builder_version=\u00bb4.17.4&#8243; _module_preset=\u00bbdefault\u00bb text_font=\u00bbMontserrat||||||||\u00bb text_text_color=\u00bb#FFFFFF\u00bb text_font_size=\u00bb18px\u00bb text_line_height=\u00bb1.5em\u00bb header_3_text_color=\u00bb#FFFFFF\u00bb header_3_font_size=\u00bb32px\u00bb custom_margin=\u00bb23px||||false|false\u00bb global_colors_info=\u00bb{}\u00bb]<p><strong>Contacto<\/strong><\/p>\n<h3>950 67 22 48<\/h3>\n<p>642 81 84 21<\/p>\n<p><a href=\"mailto:pedroparra@audio-logica.com\">pedroparra@audio-logica.com<\/a><\/p>\n<p>&nbsp;<\/p>\n<p><strong>Donde estamos<\/strong><\/p>\n<p>C\/ Granada 19, 04003. Almer\u00eda<\/p>\n<p><strong><\/strong><\/p>\n<p><strong>Horario<\/strong><\/p>\n<p>L\/V 9.30-14h y 16.30-20h<br \/>(S\u00e1bados consultar)<\/p>\n<p>&nbsp;<\/p>\n<p><a href=\"https:\/\/audio-logica.com\/en\/161-2\/\">Aviso legal<\/a><\/p>\n<p>&nbsp;<\/p>\n<p>&nbsp;<\/p>[\/et_pb_text][\/et_pb_column][\/et_pb_row][et_pb_row column_structure=\u00bb1_4,1_4,1_4,1_4&#8243; _builder_version=\u00bb4.17.4&#8243; _module_preset=\u00bbdefault\u00bb global_colors_info=\u00bb{}\u00bb][et_pb_column type=\u00bb1_4&#8243; _builder_version=\u00bb4.17.4&#8243; _module_preset=\u00bbdefault\u00bb global_colors_info=\u00bb{}\u00bb][\/et_pb_column][et_pb_column type=\u00bb1_4&#8243; _builder_version=\u00bb4.17.4&#8243; _module_preset=\u00bbdefault\u00bb global_colors_info=\u00bb{}\u00bb][et_pb_image src=\u00bbhttps:\/\/audio-logica.com\/wp-content\/uploads\/2023\/12\/Logo-PRTR.jpg\u00bb title_text=\u00bbLogo-PRTR\u00bb _builder_version=\u00bb4.17.4&#8243; _module_preset=\u00bbdefault\u00bb border_radii=\u00bbon|15px|15px|15px|15px\u00bb global_colors_info=\u00bb{}\u00bb][\/et_pb_image][\/et_pb_column][et_pb_column type=\u00bb1_4&#8243; _builder_version=\u00bb4.17.4&#8243; _module_preset=\u00bbdefault\u00bb global_colors_info=\u00bb{}\u00bb][et_pb_image src=\u00bbhttps:\/\/audio-logica.com\/wp-content\/uploads\/2023\/12\/Logo-Financiado-por-la-Union-Europea.jpg\u00bb title_text=\u00bbLogo-Financiado-por-la-Union-Europea\u00bb _builder_version=\u00bb4.17.4&#8243; _module_preset=\u00bbdefault\u00bb border_radii=\u00bbon|15px|15px|15px|15px\u00bb global_colors_info=\u00bb{}\u00bb][\/et_pb_image][\/et_pb_column][et_pb_column type=\u00bb1_4&#8243; _builder_version=\u00bb4.17.4&#8243; _module_preset=\u00bbdefault\u00bb global_colors_info=\u00bb{}\u00bb][\/et_pb_column][\/et_pb_row][\/et_pb_section]","protected":false},"excerpt":{"rendered":"<p>Ven a conocer nuestro Centro Audiol\u00f3gico en Almer\u00edaSolicita tu revisi\u00f3n audiol\u00f3gica gratuita y accede a soluciones innovadoras que transformar\u00e1n tu percepci\u00f3n auditiva.Especialistas en Audiolog\u00eda Prot\u00e9sicaEn nuestro Centro Audiol\u00f3gico en Almer\u00eda sabemos c\u00f3mo afecta la p\u00e9rdida de audici\u00f3n a tu calidad de vida y lo importante que es para tu bienestar encontrar una soluci\u00f3n efectiva que [&hellip;]<\/p>","protected":false},"author":2,"featured_media":0,"parent":0,"menu_order":0,"comment_status":"closed","ping_status":"closed","template":"","meta":{"_et_pb_use_builder":"on","_et_pb_old_content":"","_et_gb_content_width":"","_monsterinsights_skip_tracking":false,"_monsterinsights_sitenote_active":false,"_monsterinsights_sitenote_note":"","_monsterinsights_sitenote_category":0,"footnotes":""},"yoast_head":"<!-- This site is optimized with the Yoast SEO plugin v21.8.1 - https:\/\/yoast.com\/wordpress\/plugins\/seo\/ -->\n<title>Nuestra cl\u00ednica - Audiol\u00f3gica<\/title>\n<meta name=\"description\" content=\"Ven a conocer nuestra Cl\u00ednica Audiol\u00f3gica y solicita tu revisi\u00f3n auditiva gratuita con la garant\u00eda y la experiencia de Pedro Parra audi\u00f3logo.\" \/>\n<meta name=\"robots\" content=\"index, follow, max-snippet:-1, max-image-preview:large, max-video-preview:-1\" \/>\n<link rel=\"canonical\" href=\"https:\/\/audio-logica.com\/en\/nuestra-clinica-audiologica\/\" \/>\n<meta property=\"og:locale\" content=\"en_GB\" \/>\n<meta property=\"og:type\" content=\"article\" \/>\n<meta property=\"og:title\" content=\"Nuestra cl\u00ednica - Audiol\u00f3gica\" \/>\n<meta property=\"og:description\" content=\"Ven a conocer nuestra Cl\u00ednica Audiol\u00f3gica y solicita tu revisi\u00f3n auditiva gratuita con la garant\u00eda y la experiencia de Pedro Parra audi\u00f3logo.\" \/>\n<meta property=\"og:url\" content=\"https:\/\/audio-logica.com\/en\/nuestra-clinica-audiologica\/\" \/>\n<meta property=\"og:site_name\" content=\"Audiol\u00f3gica\" \/>\n<meta property=\"article:publisher\" content=\"https:\/\/www.facebook.com\/audiologicacentroauditivo?locale=es_ES\" \/>\n<meta property=\"article:modified_time\" content=\"2024-01-19T13:24:59+00:00\" \/>\n<meta name=\"twitter:card\" content=\"summary_large_image\" \/>\n<meta name=\"twitter:label1\" content=\"Estimated reading time\" \/>\n\t<meta name=\"twitter:data1\" content=\"4 minutes\" \/>\n<script type=\"application\/ld+json\" class=\"yoast-schema-graph\">{\"@context\":\"https:\/\/schema.org\",\"@graph\":[{\"@type\":\"WebPage\",\"@id\":\"https:\/\/audio-logica.com\/nuestra-clinica-audiologica\/\",\"url\":\"https:\/\/audio-logica.com\/nuestra-clinica-audiologica\/\",\"name\":\"Nuestra cl\u00ednica - Audiol\u00f3gica\",\"isPartOf\":{\"@id\":\"https:\/\/audio-logica.com\/#website\"},\"datePublished\":\"2023-12-21T15:50:49+00:00\",\"dateModified\":\"2024-01-19T13:24:59+00:00\",\"description\":\"Ven a conocer nuestra Cl\u00ednica Audiol\u00f3gica y solicita tu revisi\u00f3n auditiva gratuita con la garant\u00eda y la experiencia de Pedro Parra audi\u00f3logo.\",\"breadcrumb\":{\"@id\":\"https:\/\/audio-logica.com\/nuestra-clinica-audiologica\/#breadcrumb\"},\"inLanguage\":\"en-GB\",\"potentialAction\":[{\"@type\":\"ReadAction\",\"target\":[\"https:\/\/audio-logica.com\/nuestra-clinica-audiologica\/\"]}]},{\"@type\":\"BreadcrumbList\",\"@id\":\"https:\/\/audio-logica.com\/nuestra-clinica-audiologica\/#breadcrumb\",\"itemListElement\":[{\"@type\":\"ListItem\",\"position\":1,\"name\":\"Portada\",\"item\":\"https:\/\/audio-logica.com\/\"},{\"@type\":\"ListItem\",\"position\":2,\"name\":\"Nuestra cl\u00ednica\"}]},{\"@type\":\"WebSite\",\"@id\":\"https:\/\/audio-logica.com\/#website\",\"url\":\"https:\/\/audio-logica.com\/\",\"name\":\"https:\/\/audio-logica.com\/\",\"description\":\"Tu centro auditivo en Almer\u00eda\",\"publisher\":{\"@id\":\"https:\/\/audio-logica.com\/#organization\"},\"potentialAction\":[{\"@type\":\"SearchAction\",\"target\":{\"@type\":\"EntryPoint\",\"urlTemplate\":\"https:\/\/audio-logica.com\/?s={search_term_string}\"},\"query-input\":\"required name=search_term_string\"}],\"inLanguage\":\"en-GB\"},{\"@type\":\"Organization\",\"@id\":\"https:\/\/audio-logica.com\/#organization\",\"name\":\"Audiol\u00f3gica Centros auditivos\",\"url\":\"https:\/\/audio-logica.com\/\",\"logo\":{\"@type\":\"ImageObject\",\"inLanguage\":\"en-GB\",\"@id\":\"https:\/\/audio-logica.com\/#\/schema\/logo\/image\/\",\"url\":\"https:\/\/audio-logica.com\/wp-content\/uploads\/2022\/06\/AUDIOLOGICA-ALMERIA.jpg\",\"contentUrl\":\"https:\/\/audio-logica.com\/wp-content\/uploads\/2022\/06\/AUDIOLOGICA-ALMERIA.jpg\",\"width\":500,\"height\":127,\"caption\":\"Audiol\u00f3gica Centros auditivos\"},\"image\":{\"@id\":\"https:\/\/audio-logica.com\/#\/schema\/logo\/image\/\"},\"sameAs\":[\"https:\/\/www.facebook.com\/audiologicacentroauditivo?locale=es_ES\"]}]}<\/script>\n<!-- \/ Yoast SEO plugin. -->","yoast_head_json":{"title":"Nuestra cl\u00ednica - Audiol\u00f3gica","description":"Ven a conocer nuestra Cl\u00ednica Audiol\u00f3gica y solicita tu revisi\u00f3n auditiva gratuita con la garant\u00eda y la experiencia de Pedro Parra audi\u00f3logo.","robots":{"index":"index","follow":"follow","max-snippet":"max-snippet:-1","max-image-preview":"max-image-preview:large","max-video-preview":"max-video-preview:-1"},"canonical":"https:\/\/audio-logica.com\/en\/nuestra-clinica-audiologica\/","og_locale":"en_GB","og_type":"article","og_title":"Nuestra cl\u00ednica - Audiol\u00f3gica","og_description":"Ven a conocer nuestra Cl\u00ednica Audiol\u00f3gica y solicita tu revisi\u00f3n auditiva gratuita con la garant\u00eda y la experiencia de Pedro Parra audi\u00f3logo.","og_url":"https:\/\/audio-logica.com\/en\/nuestra-clinica-audiologica\/","og_site_name":"Audiol\u00f3gica","article_publisher":"https:\/\/www.facebook.com\/audiologicacentroauditivo?locale=es_ES","article_modified_time":"2024-01-19T13:24:59+00:00","twitter_card":"summary_large_image","twitter_misc":{"Estimated reading time":"4 minutes"},"schema":{"@context":"https:\/\/schema.org","@graph":[{"@type":"WebPage","@id":"https:\/\/audio-logica.com\/nuestra-clinica-audiologica\/","url":"https:\/\/audio-logica.com\/nuestra-clinica-audiologica\/","name":"Nuestra cl\u00ednica - Audiol\u00f3gica","isPartOf":{"@id":"https:\/\/audio-logica.com\/#website"},"datePublished":"2023-12-21T15:50:49+00:00","dateModified":"2024-01-19T13:24:59+00:00","description":"Ven a conocer nuestra Cl\u00ednica Audiol\u00f3gica y solicita tu revisi\u00f3n auditiva gratuita con la garant\u00eda y la experiencia de Pedro Parra audi\u00f3logo.","breadcrumb":{"@id":"https:\/\/audio-logica.com\/nuestra-clinica-audiologica\/#breadcrumb"},"inLanguage":"en-GB","potentialAction":[{"@type":"ReadAction","target":["https:\/\/audio-logica.com\/nuestra-clinica-audiologica\/"]}]},{"@type":"BreadcrumbList","@id":"https:\/\/audio-logica.com\/nuestra-clinica-audiologica\/#breadcrumb","itemListElement":[{"@type":"ListItem","position":1,"name":"Portada","item":"https:\/\/audio-logica.com\/"},{"@type":"ListItem","position":2,"name":"Nuestra cl\u00ednica"}]},{"@type":"WebSite","@id":"https:\/\/audio-logica.com\/#website","url":"https:\/\/audio-logica.com\/","name":"https:\/\/audio-logica.com\/","description":"Tu centro auditivo en Almer\u00eda","publisher":{"@id":"https:\/\/audio-logica.com\/#organization"},"potentialAction":[{"@type":"SearchAction","target":{"@type":"EntryPoint","urlTemplate":"https:\/\/audio-logica.com\/?s={search_term_string}"},"query-input":"required name=search_term_string"}],"inLanguage":"en-GB"},{"@type":"Organization","@id":"https:\/\/audio-logica.com\/#organization","name":"Audiol\u00f3gica Centros auditivos","url":"https:\/\/audio-logica.com\/","logo":{"@type":"ImageObject","inLanguage":"en-GB","@id":"https:\/\/audio-logica.com\/#\/schema\/logo\/image\/","url":"https:\/\/audio-logica.com\/wp-content\/uploads\/2022\/06\/AUDIOLOGICA-ALMERIA.jpg","contentUrl":"https:\/\/audio-logica.com\/wp-content\/uploads\/2022\/06\/AUDIOLOGICA-ALMERIA.jpg","width":500,"height":127,"caption":"Audiol\u00f3gica Centros auditivos"},"image":{"@id":"https:\/\/audio-logica.com\/#\/schema\/logo\/image\/"},"sameAs":["https:\/\/www.facebook.com\/audiologicacentroauditivo?locale=es_ES"]}]}},"_links":{"self":[{"href":"https:\/\/audio-logica.com\/en\/wp-json\/wp\/v2\/pages\/188"}],"collection":[{"href":"https:\/\/audio-logica.com\/en\/wp-json\/wp\/v2\/pages"}],"about":[{"href":"https:\/\/audio-logica.com\/en\/wp-json\/wp\/v2\/types\/page"}],"author":[{"embeddable":true,"href":"https:\/\/audio-logica.com\/en\/wp-json\/wp\/v2\/users\/2"}],"replies":[{"embeddable":true,"href":"https:\/\/audio-logica.com\/en\/wp-json\/wp\/v2\/comments?post=188"}],"version-history":[{"count":10,"href":"https:\/\/audio-logica.com\/en\/wp-json\/wp\/v2\/pages\/188\/revisions"}],"predecessor-version":[{"id":309,"href":"https:\/\/audio-logica.com\/en\/wp-json\/wp\/v2\/pages\/188\/revisions\/309"}],"wp:attachment":[{"href":"https:\/\/audio-logica.com\/en\/wp-json\/wp\/v2\/media?parent=188"}],"curies":[{"name":"wp","href":"https:\/\/api.w.org\/{rel}","templated":true}]}}